{"id":95,"date":"2021-04-05T10:20:35","date_gmt":"2021-04-05T13:20:35","guid":{"rendered":"http:\/\/citroleogroup.com\/2021\/?post_type=sobre_nos&#038;p=95"},"modified":"2022-07-12T16:17:47","modified_gmt":"2022-07-12T19:17:47","slug":"nossa-historia","status":"publish","type":"sobre_nos","link":"https:\/\/citroleogroup.com\/2021\/sobre-nos\/nossa-historia\/","title":{"rendered":"Nossa Hist\u00f3ria"},"content":{"rendered":"<p>[vc_row el_class=&#8221;container&#8221;][vc_column width=&#8221;1\/6&#8243;][\/vc_column][vc_column width=&#8221;2\/3&#8243;][vc_column_text css=&#8221;.vc_custom_1617925495628{margin-bottom: 80px !important;}&#8221;]<\/p>\n<h1 style=\"text-align: center;\">A Citr\u00f3leo<\/h1>\n<p>[\/vc_column_text][vc_column_text el_class=&#8221;text-black&#8221; css=&#8221;.vc_custom_1617925501429{margin-bottom: 80px !important;}&#8221;]<\/p>\n<h4 style=\"text-align: center;\"><strong><em>O que \u00e9 ser uma empresa respons\u00e1vel, sustent\u00e1vel e natural? E qual indicativo que diz o qu\u00e3o engajados s\u00e3o os seus valores? Seriam seus produtos? Suas pessoas? Sua marca? Ou a sua ess\u00eancia?<\/em><\/strong><\/h4>\n<p>[\/vc_column_text][vc_column_text el_class=&#8221;text-black&#8221; css=&#8221;.vc_custom_1617925509159{margin-bottom: 80px !important;}&#8221;]<\/p>\n<p style=\"text-align: center;\">Nossa hist\u00f3ria come\u00e7ou em 1984, com a chegada do Sr. Rafael Montuenga Maestre na pequena cidade do interior de S\u00e3o Paulo chamada Torrinha. Nossa trajet\u00f3ria, desde ent\u00e3o, tem sido tra\u00e7ada por muitas lutas e vit\u00f3rias.<\/p>\n<p style=\"text-align: center;\">A ess\u00eancia da constru\u00e7\u00e3o da Citr\u00f3leo sempre foi baseada no amor pela natureza, e \u00e9 o que nos tornou como empresa fortemente respons\u00e1vel, com valores engajados pela sustentabilidade e o ser natural por si s\u00f3.<\/p>\n<p style=\"text-align: center;\">Conhe\u00e7a nossa hist\u00f3ria:<\/p>\n<p>[\/vc_column_text][\/vc_column][vc_column width=&#8221;1\/6&#8243;][\/vc_column][\/vc_row][vc_row el_class=&#8221;container&#8221; css=&#8221;.vc_custom_1624891688965{margin-bottom: 80px !important;}&#8221;][vc_column][vc_video link=&#8221;https:\/\/www.youtube.com\/watch?v=lKaBe1tD2CQ&#8221; align=&#8221;center&#8221;][\/vc_column][\/vc_row][vc_row el_class=&#8221;container&#8221;][vc_column][vc_column_text el_class=&#8221;text-black&#8221;]<\/p>\n<h2 style=\"text-align: center;\">Como tudo come\u00e7ou<\/h2>\n<p>[\/vc_column_text][\/vc_column][\/vc_row][vc_row el_class=&#8221;container d-flex timeline&#8221;][vc_column width=&#8221;1\/4&#8243; offset=&#8221;vc_col-lg-5 vc_col-md-5 vc_col-xs-5&#8243; el_class=&#8221;align-self-center&#8221;][vc_single_image image=&#8221;190&#8243; img_size=&#8221;medium&#8221; alignment=&#8221;right&#8221; css_animation=&#8221;fadeIn&#8221; css=&#8221;.vc_custom_1637173912509{margin-bottom: 0px !important;}&#8221;][\/vc_column][vc_column width=&#8221;1\/3&#8243; offset=&#8221;vc_col-lg-2 vc_col-md-2 vc_col-xs-2&#8243; el_class=&#8221;timeline-point timeline-initial&#8221;][\/vc_column][vc_column width=&#8221;1\/4&#8243; offset=&#8221;vc_col-lg-4 vc_col-md-4 vc_col-xs-5&#8243; el_class=&#8221;align-self-center&#8221;][vc_column_text el_class=&#8221;timeline-info timeline-info-right&#8221;]<\/p>\n<h2>1984<\/h2>\n<p>Fundada pelo Sr. Rafael Montuenga Maestre na cidade de Torrinha, interior de S\u00e3o Paulo, inicialmente para produ\u00e7\u00e3o de \u00f3leos essenciais;[\/vc_column_text][\/vc_column][\/vc_row][vc_row el_class=&#8221;container d-flex timeline&#8221;][vc_column width=&#8221;1\/4&#8243; offset=&#8221;vc_col-lg-offset-1 vc_col-lg-4 vc_col-md-offset-1 vc_col-md-4 vc_col-xs-5&#8243; el_class=&#8221;align-self-center&#8221;][vc_column_text el_class=&#8221;timeline-info timeline-info-left&#8221;]<\/p>\n<h2 style=\"text-align: right;\">1998<\/h2>\n<p style=\"text-align: right;\">In\u00edcio da produ\u00e7\u00e3o de Alpha Bisabolol Natural, um derivado do \u00f3leo de candeia;<\/p>\n<p>[\/vc_column_text][\/vc_column][vc_column width=&#8221;1\/3&#8243; offset=&#8221;vc_col-lg-2 vc_col-md-2 vc_col-xs-2&#8243; el_class=&#8221;timeline-point timeline-point-continuous&#8221;][\/vc_column][vc_column width=&#8221;1\/4&#8243; offset=&#8221;vc_col-lg-5 vc_col-md-5 vc_col-xs-5&#8243; el_class=&#8221;align-self-center&#8221;][vc_single_image image=&#8221;191&#8243; img_size=&#8221;medium&#8221; css_animation=&#8221;fadeIn&#8221; css=&#8221;.vc_custom_1637173920780{margin-bottom: 0px !important;}&#8221;][\/vc_column][\/vc_row][vc_row el_class=&#8221;container d-flex timeline&#8221;][vc_column width=&#8221;1\/4&#8243; offset=&#8221;vc_col-lg-5 vc_col-md-5 vc_col-xs-5&#8243; el_class=&#8221;align-self-center&#8221;][vc_single_image image=&#8221;192&#8243; img_size=&#8221;medium&#8221; alignment=&#8221;right&#8221; css_animation=&#8221;fadeIn&#8221; css=&#8221;.vc_custom_1637173930936{margin-bottom: 0px !important;}&#8221;][\/vc_column][vc_column width=&#8221;1\/3&#8243; offset=&#8221;vc_col-lg-2 vc_col-md-2 vc_col-xs-2&#8243; el_class=&#8221;timeline-point timeline-point-continuous&#8221;][\/vc_column][vc_column width=&#8221;1\/4&#8243; offset=&#8221;vc_col-lg-4 vc_col-md-4 vc_col-xs-5&#8243; el_class=&#8221;align-self-center&#8221;][vc_column_text el_class=&#8221;timeline-info timeline-info-right&#8221;]<\/p>\n<h2>2004<\/h2>\n<p>Adquiriu uma filial em Minas Gerais, na cidade de Baependi;[\/vc_column_text][\/vc_column][\/vc_row][vc_row el_class=&#8221;container d-flex timeline&#8221;][vc_column width=&#8221;1\/4&#8243; offset=&#8221;vc_col-lg-offset-1 vc_col-lg-4 vc_col-md-offset-1 vc_col-md-4 vc_col-xs-5&#8243; el_class=&#8221;align-self-center&#8221;][vc_column_text el_class=&#8221;timeline-info timeline-info-left&#8221;]<\/p>\n<h2 style=\"text-align: right;\">2006<\/h2>\n<p style=\"text-align: right;\">Citr\u00f3leo recebe a certifica\u00e7\u00e3o ISO9001 pela SGS, garantindo a qualidade no processo de produ\u00e7\u00e3o do bisabolol;<\/p>\n<p>[\/vc_column_text][\/vc_column][vc_column width=&#8221;1\/3&#8243; offset=&#8221;vc_col-lg-2 vc_col-md-2 vc_col-xs-2&#8243; el_class=&#8221;timeline-point timeline-point-continuous&#8221;][\/vc_column][vc_column width=&#8221;1\/4&#8243; offset=&#8221;vc_col-lg-5 vc_col-md-5 vc_col-xs-5&#8243; el_class=&#8221;align-self-center&#8221;][vc_single_image image=&#8221;193&#8243; img_size=&#8221;medium&#8221; css_animation=&#8221;fadeIn&#8221; css=&#8221;.vc_custom_1637173939887{margin-bottom: 0px !important;}&#8221;][\/vc_column][\/vc_row][vc_row el_class=&#8221;container d-flex timeline&#8221;][vc_column width=&#8221;1\/4&#8243; offset=&#8221;vc_col-lg-5 vc_col-md-5 vc_col-xs-5&#8243; el_class=&#8221;align-self-center&#8221;][vc_single_image image=&#8221;194&#8243; img_size=&#8221;medium&#8221; alignment=&#8221;right&#8221; css_animation=&#8221;fadeIn&#8221; css=&#8221;.vc_custom_1637173951756{margin-bottom: 0px !important;}&#8221;][\/vc_column][vc_column width=&#8221;1\/3&#8243; offset=&#8221;vc_col-lg-2 vc_col-md-2 vc_col-xs-2&#8243; el_class=&#8221;timeline-point timeline-point-continuous&#8221;][\/vc_column][vc_column width=&#8221;1\/4&#8243; offset=&#8221;vc_col-lg-4 vc_col-md-4 vc_col-xs-5&#8243; el_class=&#8221;align-self-center&#8221;][vc_column_text el_class=&#8221;timeline-info timeline-info-right&#8221;]<\/p>\n<h2>2011<\/h2>\n<p>Adquiriu mais uma filial em Minas Gerais, na cidade de S\u00e3o Gon\u00e7alo do Rio Abaixo;[\/vc_column_text][\/vc_column][\/vc_row][vc_row el_class=&#8221;container d-flex timeline&#8221;][vc_column width=&#8221;1\/4&#8243; offset=&#8221;vc_col-lg-offset-1 vc_col-lg-4 vc_col-md-offset-1 vc_col-md-4 vc_col-xs-5&#8243; el_class=&#8221;align-self-center&#8221;][vc_column_text el_class=&#8221;timeline-info timeline-info-left&#8221;]<\/p>\n<h2 style=\"text-align: right;\">2012<\/h2>\n<p style=\"text-align: right;\">In\u00edcio das atividades no norte do Par\u00e1, na regi\u00e3o da Floresta Amaz\u00f4nica, com a fabrica\u00e7\u00e3o de \u00f3leos e manteigas vegetais;<\/p>\n<p>[\/vc_column_text][\/vc_column][vc_column width=&#8221;1\/3&#8243; offset=&#8221;vc_col-lg-2 vc_col-md-2 vc_col-xs-2&#8243; el_class=&#8221;timeline-point timeline-point-continuous&#8221;][\/vc_column][vc_column width=&#8221;1\/4&#8243; offset=&#8221;vc_col-lg-5 vc_col-md-5 vc_col-xs-5&#8243;][vc_single_image image=&#8221;195&#8243; img_size=&#8221;medium&#8221; css_animation=&#8221;fadeIn&#8221; css=&#8221;.vc_custom_1637173963556{margin-bottom: 0px !important;}&#8221;][\/vc_column][\/vc_row][vc_row el_class=&#8221;container d-flex timeline&#8221;][vc_column width=&#8221;1\/4&#8243; offset=&#8221;vc_col-lg-5 vc_col-md-5 vc_col-xs-5&#8243;][vc_single_image image=&#8221;196&#8243; img_size=&#8221;medium&#8221; alignment=&#8221;right&#8221; css_animation=&#8221;fadeIn&#8221; css=&#8221;.vc_custom_1637173972138{margin-bottom: 0px !important;}&#8221;][\/vc_column][vc_column width=&#8221;1\/3&#8243; offset=&#8221;vc_col-lg-2 vc_col-md-2 vc_col-xs-2&#8243; el_class=&#8221;timeline-point timeline-point-continuous&#8221;][\/vc_column][vc_column width=&#8221;1\/4&#8243; offset=&#8221;vc_col-lg-4 vc_col-md-4 vc_col-xs-5&#8243; el_class=&#8221;align-self-center&#8221;][vc_column_text el_class=&#8221;timeline-info timeline-info-right&#8221;]<\/p>\n<h2>2013<\/h2>\n<p>Citr\u00f3leo recebe a certifica\u00e7\u00e3o org\u00e2nica para o processo produtivo do bisabolol org\u00e2nico;[\/vc_column_text][\/vc_column][\/vc_row][vc_row el_class=&#8221;container d-flex timeline&#8221;][vc_column width=&#8221;1\/4&#8243; offset=&#8221;vc_col-lg-offset-1 vc_col-lg-4 vc_col-md-offset-1 vc_col-md-4 vc_col-xs-5&#8243; el_class=&#8221;align-self-center&#8221;][vc_column_text el_class=&#8221;timeline-info timeline-info-left&#8221;]<\/p>\n<h2 style=\"text-align: right;\">2015<\/h2>\n<p style=\"text-align: right;\">Adquiriu mais uma filial em Minas Gerais, na cidade de Carrancas;<\/p>\n<p>[\/vc_column_text][\/vc_column][vc_column width=&#8221;1\/3&#8243; offset=&#8221;vc_col-lg-2 vc_col-md-2 vc_col-xs-2&#8243; el_class=&#8221;timeline-point timeline-point-continuous&#8221;][\/vc_column][vc_column width=&#8221;1\/4&#8243; offset=&#8221;vc_col-lg-5 vc_col-md-5 vc_col-xs-5&#8243; el_class=&#8221;align-self-center&#8221;][vc_single_image image=&#8221;197&#8243; img_size=&#8221;medium&#8221; css_animation=&#8221;fadeIn&#8221; css=&#8221;.vc_custom_1637174248962{margin-bottom: 0px !important;}&#8221;][\/vc_column][\/vc_row][vc_row el_class=&#8221;container d-flex timeline&#8221;][vc_column width=&#8221;1\/4&#8243; offset=&#8221;vc_col-lg-5 vc_col-md-5 vc_col-xs-5&#8243; el_class=&#8221;align-self-center&#8221;][vc_single_image image=&#8221;198&#8243; img_size=&#8221;medium&#8221; alignment=&#8221;right&#8221; css_animation=&#8221;fadeIn&#8221; css=&#8221;.vc_custom_1637174270517{margin-bottom: 0px !important;}&#8221;][\/vc_column][vc_column width=&#8221;1\/3&#8243; offset=&#8221;vc_col-lg-2 vc_col-md-2 vc_col-xs-2&#8243; el_class=&#8221;timeline-point timeline-point-continuous&#8221;][\/vc_column][vc_column width=&#8221;1\/4&#8243; offset=&#8221;vc_col-lg-4 vc_col-md-4 vc_col-xs-5&#8243; el_class=&#8221;align-self-center&#8221;][vc_column_text el_class=&#8221;timeline-info timeline-info-right&#8221;]<\/p>\n<h2>2015<\/h2>\n<p>Atrav\u00e9s de pesquisas e desenvolvimentos foi lan\u00e7ada a linha CitroGreen, para o cuidado do cabelo, rosto e corpo;[\/vc_column_text][\/vc_column][\/vc_row][vc_row el_class=&#8221;container d-flex timeline&#8221;][vc_column width=&#8221;1\/4&#8243; offset=&#8221;vc_col-lg-offset-1 vc_col-lg-4 vc_col-md-offset-1 vc_col-md-4 vc_col-xs-5&#8243; el_class=&#8221;align-self-center&#8221;][vc_column_text el_class=&#8221;timeline-info timeline-info-left&#8221;]<\/p>\n<h2 style=\"text-align: right;\">2016<\/h2>\n<p style=\"text-align: right;\">A Citr\u00f3leo \u00e9 certificada pela Rainforest Alliance de acordo com as normas de certifica\u00e7\u00e3o de Manejo Florestal Forest Stewardship Council\u00ae (FSC\u00ae);<\/p>\n<p>[\/vc_column_text][\/vc_column][vc_column width=&#8221;1\/3&#8243; offset=&#8221;vc_col-lg-2 vc_col-md-2 vc_col-xs-2&#8243; el_class=&#8221;timeline-point timeline-point-continuous&#8221;][\/vc_column][vc_column width=&#8221;1\/4&#8243; offset=&#8221;vc_col-lg-5 vc_col-md-5 vc_col-xs-5&#8243; el_class=&#8221;align-self-center&#8221;][vc_single_image image=&#8221;199&#8243; img_size=&#8221;medium&#8221; css_animation=&#8221;fadeIn&#8221; css=&#8221;.vc_custom_1637174279289{margin-bottom: 0px !important;}&#8221;][\/vc_column][\/vc_row][vc_row el_class=&#8221;container d-flex timeline&#8221;][vc_column width=&#8221;1\/4&#8243; offset=&#8221;vc_col-lg-5 vc_col-md-5 vc_col-xs-5&#8243; el_class=&#8221;align-self-center&#8221;][vc_single_image image=&#8221;200&#8243; img_size=&#8221;medium&#8221; alignment=&#8221;right&#8221; css_animation=&#8221;fadeIn&#8221; css=&#8221;.vc_custom_1637174290874{margin-bottom: 0px !important;}&#8221;][\/vc_column][vc_column width=&#8221;1\/3&#8243; offset=&#8221;vc_col-lg-2 vc_col-md-2 vc_col-xs-2&#8243; el_class=&#8221;timeline-point timeline-point-continuous&#8221;][\/vc_column][vc_column width=&#8221;1\/4&#8243; offset=&#8221;vc_col-lg-4 vc_col-md-4 vc_col-xs-5&#8243;][vc_column_text el_class=&#8221;timeline-info timeline-info-right&#8221;]<\/p>\n<h2>2017<\/h2>\n<p>Lan\u00e7amento da linha CitroTech, com solu\u00e7\u00f5es eficazes para a conserva\u00e7\u00e3o do meio ambiente e seus recursos naturais;[\/vc_column_text][\/vc_column][\/vc_row][vc_row el_class=&#8221;container d-flex timeline&#8221;][vc_column width=&#8221;1\/4&#8243; offset=&#8221;vc_col-lg-offset-1 vc_col-lg-4 vc_col-md-offset-1 vc_col-md-4 vc_col-xs-5&#8243; el_class=&#8221;align-self-center&#8221;][vc_column_text el_class=&#8221;timeline-info timeline-info-left&#8221;]<\/p>\n<h2 style=\"text-align: right;\">2017<\/h2>\n<p style=\"text-align: right;\">Inclus\u00e3o da Bioactive, uma parceira estrat\u00e9gica de pesquisa do grupo econ\u00f4mico Citr\u00f3leo;<\/p>\n<p>[\/vc_column_text][\/vc_column][vc_column width=&#8221;1\/3&#8243; offset=&#8221;vc_col-lg-2 vc_col-md-2 vc_col-xs-2&#8243; el_class=&#8221;timeline-point timeline-point-continuous&#8221;][\/vc_column][vc_column width=&#8221;1\/4&#8243; offset=&#8221;vc_col-lg-5 vc_col-md-5 vc_col-xs-5&#8243; el_class=&#8221;align-self-center&#8221;][vc_single_image image=&#8221;1014&#8243; img_size=&#8221;medium&#8221; css_animation=&#8221;fadeIn&#8221; css=&#8221;.vc_custom_1637174301777{margin-bottom: 0px !important;}&#8221;][\/vc_column][\/vc_row][vc_row el_class=&#8221;container d-flex timeline&#8221;][vc_column width=&#8221;1\/4&#8243; offset=&#8221;vc_col-lg-5 vc_col-md-5 vc_col-xs-5&#8243; el_class=&#8221;align-self-center&#8221;][vc_single_image image=&#8221;202&#8243; img_size=&#8221;medium&#8221; alignment=&#8221;right&#8221; css_animation=&#8221;fadeIn&#8221; css=&#8221;.vc_custom_1637174311223{margin-bottom: 0px !important;}&#8221;][\/vc_column][vc_column width=&#8221;1\/3&#8243; offset=&#8221;vc_col-lg-2 vc_col-md-2 vc_col-xs-2&#8243; el_class=&#8221;timeline-point timeline-point-continuous&#8221;][\/vc_column][vc_column width=&#8221;1\/4&#8243; offset=&#8221;vc_col-lg-4 vc_col-md-4 vc_col-xs-5&#8243; el_class=&#8221;align-self-center&#8221;][vc_column_text el_class=&#8221;timeline-info timeline-info-right&#8221;]<\/p>\n<h2>2018<\/h2>\n<p>Adquiriu mais uma filial no Par\u00e1, na cidade de Benevides;[\/vc_column_text][\/vc_column][\/vc_row][vc_row el_class=&#8221;container d-flex timeline&#8221;][vc_column width=&#8221;1\/4&#8243; offset=&#8221;vc_col-lg-offset-1 vc_col-lg-4 vc_col-md-offset-1 vc_col-md-4 vc_col-xs-5&#8243; el_class=&#8221;align-self-center&#8221;][vc_column_text el_class=&#8221;timeline-info timeline-info-left&#8221;]<\/p>\n<h2 style=\"text-align: right;\">2018<\/h2>\n<p style=\"text-align: right;\">A Citr\u00f3leo \u00e9 certificada pelo Imaflora de acordo com as normas do Forest Stewardship Council\u00ae(FSC\u00ae) para certifica\u00e7\u00e3o de cadeia de cust\u00f3dia em suas unidades de Carrancas\/MG e Torrinha\/SP;<\/p>\n<p>[\/vc_column_text][\/vc_column][vc_column width=&#8221;1\/3&#8243; offset=&#8221;vc_col-lg-2 vc_col-md-2 vc_col-xs-2&#8243; el_class=&#8221;timeline-point timeline-point-continuous&#8221;][\/vc_column][vc_column width=&#8221;1\/4&#8243; offset=&#8221;vc_col-lg-5 vc_col-md-5 vc_col-xs-5&#8243; el_class=&#8221;align-self-center&#8221;][vc_single_image image=&#8221;199&#8243; img_size=&#8221;medium&#8221; css_animation=&#8221;fadeIn&#8221; css=&#8221;.vc_custom_1637174320002{margin-bottom: 0px !important;}&#8221;][\/vc_column][\/vc_row][vc_row el_class=&#8221;container d-flex timeline&#8221;][vc_column width=&#8221;1\/4&#8243; offset=&#8221;vc_col-lg-5 vc_col-md-5 vc_col-xs-5&#8243; el_class=&#8221;align-self-center&#8221;][vc_single_image image=&#8221;1295&#8243; img_size=&#8221;medium&#8221; alignment=&#8221;right&#8221; css_animation=&#8221;fadeIn&#8221; css=&#8221;.vc_custom_1637774000699{margin-bottom: 0px !important;}&#8221;][\/vc_column][vc_column width=&#8221;1\/3&#8243; offset=&#8221;vc_col-lg-2 vc_col-md-2 vc_col-xs-2&#8243; el_class=&#8221;timeline-point timeline-point-continuous&#8221;][\/vc_column][vc_column width=&#8221;1\/4&#8243; offset=&#8221;vc_col-lg-4 vc_col-md-4 vc_col-xs-5&#8243;][vc_column_text el_class=&#8221;timeline-info timeline-info-right&#8221;]<\/p>\n<h2>2019<\/h2>\n<p>Inclus\u00e3o da CitroBio, uma parceira do grupo econ\u00f4mico Citr\u00f3leo;[\/vc_column_text][\/vc_column][\/vc_row][vc_row el_class=&#8221;container d-flex timeline&#8221;][vc_column width=&#8221;1\/4&#8243; offset=&#8221;vc_col-lg-offset-1 vc_col-lg-4 vc_col-md-offset-1 vc_col-md-4 vc_col-xs-5&#8243; el_class=&#8221;align-self-center&#8221;][vc_column_text el_class=&#8221;timeline-info timeline-info-left&#8221;]<\/p>\n<h2 style=\"text-align: right;\">2019<\/h2>\n<p style=\"text-align: right;\">Citr\u00f3leo inicia a aprova\u00e7\u00e3o pela ECOCERT Greenlife para o fornecimento de ingredientes para produtos naturais e org\u00e2nicos;<\/p>\n<p>[\/vc_column_text][\/vc_column][vc_column width=&#8221;1\/3&#8243; offset=&#8221;vc_col-lg-2 vc_col-md-2 vc_col-xs-2&#8243; el_class=&#8221;timeline-point timeline-point-continuous&#8221;][\/vc_column][vc_column width=&#8221;1\/4&#8243; offset=&#8221;vc_col-lg-5 vc_col-md-5 vc_col-xs-5&#8243; el_class=&#8221;align-self-center&#8221;][vc_single_image image=&#8221;1012&#8243; img_size=&#8221;medium&#8221; css_animation=&#8221;fadeIn&#8221; css=&#8221;.vc_custom_1637174361648{margin-bottom: 0px !important;}&#8221;][\/vc_column][\/vc_row][vc_row el_class=&#8221;container d-flex timeline&#8221;][vc_column width=&#8221;1\/4&#8243; offset=&#8221;vc_col-lg-5 vc_col-md-5 vc_col-xs-5&#8243; el_class=&#8221;align-self-center&#8221;][vc_single_image image=&#8221;206&#8243; img_size=&#8221;medium&#8221; alignment=&#8221;right&#8221; css_animation=&#8221;fadeIn&#8221; css=&#8221;.vc_custom_1637174370968{margin-bottom: 0px !important;}&#8221;][\/vc_column][vc_column width=&#8221;1\/3&#8243; offset=&#8221;vc_col-lg-2 vc_col-md-2 vc_col-xs-2&#8243; el_class=&#8221;timeline-point timeline-point-continuous&#8221;][\/vc_column][vc_column width=&#8221;1\/4&#8243; offset=&#8221;vc_col-lg-4 vc_col-md-4 vc_col-xs-5&#8243; el_class=&#8221;align-self-center&#8221;][vc_column_text el_class=&#8221;timeline-info timeline-info-right&#8221;]<\/p>\n<h2>2020<\/h2>\n<p>Lan\u00e7amento da linha CitroPet, desenvolvida especialmente para o cuidado e bem estar dos animais;[\/vc_column_text][\/vc_column][\/vc_row][vc_row el_class=&#8221;container d-flex timeline&#8221;][vc_column width=&#8221;1\/4&#8243; offset=&#8221;vc_col-lg-offset-1 vc_col-lg-4 vc_col-md-offset-1 vc_col-md-4 vc_col-xs-5&#8243; el_class=&#8221;align-self-center&#8221;][vc_column_text el_class=&#8221;timeline-info timeline-info-left&#8221;]<\/p>\n<h2 style=\"text-align: right;\">2020<\/h2>\n<p style=\"text-align: right;\">Citr\u00f3leo \u00e9 certificada Halal pela CDIAL, atestando que todo o processo produtivo respeita as normas estabelecidas na lei isl\u00e2mica;<\/p>\n<p>[\/vc_column_text][\/vc_column][vc_column width=&#8221;1\/3&#8243; offset=&#8221;vc_col-lg-2 vc_col-md-2 vc_col-xs-2&#8243; el_class=&#8221;timeline-point timeline-point-continuous&#8221;][\/vc_column][vc_column width=&#8221;1\/4&#8243; offset=&#8221;vc_col-lg-5 vc_col-md-5 vc_col-xs-5&#8243; el_class=&#8221;align-self-center&#8221;][vc_single_image image=&#8221;1275&#8243; img_size=&#8221;medium&#8221; css_animation=&#8221;fadeIn&#8221; css=&#8221;.vc_custom_1637773920483{margin-bottom: 0px !important;}&#8221;][\/vc_column][\/vc_row][vc_row el_class=&#8221;container d-flex timeline&#8221;][vc_column width=&#8221;1\/4&#8243; offset=&#8221;vc_col-lg-5 vc_col-md-5 vc_col-xs-5&#8243; el_class=&#8221;align-self-center&#8221;][vc_single_image image=&#8221;1583&#8243; img_size=&#8221;medium&#8221; alignment=&#8221;right&#8221; css_animation=&#8221;fadeIn&#8221; css=&#8221;.vc_custom_1657653302455{margin-bottom: 0px !important;}&#8221;][\/vc_column][vc_column width=&#8221;1\/3&#8243; offset=&#8221;vc_col-lg-2 vc_col-md-2 vc_col-xs-2&#8243; el_class=&#8221;timeline-point timeline-point-continuous&#8221;][\/vc_column][vc_column width=&#8221;1\/4&#8243; offset=&#8221;vc_col-lg-4 vc_col-md-4 vc_col-xs-5&#8243; el_class=&#8221;align-self-center&#8221;][vc_column_text el_class=&#8221;timeline-info timeline-info-right&#8221;]<\/p>\n<h2>2022<\/h2>\n<p>O produto Citrue Bisabolol recebe o selo NATRUE Approved. Uma forma r\u00e1pida e f\u00e1cil para os consumidores identificarem produtos cosm\u00e9ticos naturais e org\u00e2nicos aut\u00eanticos[\/vc_column_text][\/vc_column][\/vc_row][vc_row el_class=&#8221;container d-flex timeline&#8221;][vc_column width=&#8221;1\/4&#8243; offset=&#8221;vc_col-lg-offset-1 vc_col-lg-4 vc_col-md-offset-1 vc_col-md-4 vc_col-xs-5&#8243;][\/vc_column][vc_column width=&#8221;1\/3&#8243; offset=&#8221;vc_col-lg-2 vc_col-md-2 vc_col-xs-2&#8243;][vc_single_image image=&#8221;208&#8243; img_size=&#8221;full&#8221; alignment=&#8221;center&#8221;][\/vc_column][vc_column width=&#8221;1\/4&#8243; offset=&#8221;vc_col-lg-5 vc_col-md-5 vc_col-xs-5&#8243;][\/vc_column][\/vc_row]<\/p>","protected":false},"featured_media":0,"template":"","categoria_sobre_nos":[29],"acf":[],"_links":{"self":[{"href":"https:\/\/citroleogroup.com\/2021\/wp-json\/wp\/v2\/sobre_nos\/95"}],"collection":[{"href":"https:\/\/citroleogroup.com\/2021\/wp-json\/wp\/v2\/sobre_nos"}],"about":[{"href":"https:\/\/citroleogroup.com\/2021\/wp-json\/wp\/v2\/types\/sobre_nos"}],"wp:attachment":[{"href":"https:\/\/citroleogroup.com\/2021\/wp-json\/wp\/v2\/media?parent=95"}],"wp:term":[{"taxonomy":"categoria_sobre_nos","embeddable":true,"href":"https:\/\/citroleogroup.com\/2021\/wp-json\/wp\/v2\/categoria_sobre_nos?post=95"}],"curies":[{"name":"wp","href":"https:\/\/api.w.org\/{rel}","templated":true}]}}